{"id":38280,"date":"2025-07-02T18:08:44","date_gmt":"2025-07-02T18:08:44","guid":{"rendered":"https:\/\/rotary4320.cl\/?page_id=38280"},"modified":"2025-08-13T15:33:24","modified_gmt":"2025-08-13T15:33:24","slug":"listado-egd-4320","status":"publish","type":"page","link":"https:\/\/rotary4320.cl\/index.php\/listado-egd-4320\/","title":{"rendered":"Listado EGD 4320"},"content":{"rendered":"\n<figure class=\"wp-block-table\"><table class=\"has-fixed-layout\"><tbody><tr><td><strong>A\u00d1O GOBERNACION<\/strong><\/td><td><strong>NOMBRE<\/strong><\/td><td><strong>CLUB<\/strong><\/td><td><strong>TELEFONO<\/strong><strong><\/strong><\/td><td><strong>CORREO ELECTRONICO<\/strong><strong><\/strong><\/td><td><strong>OBSERV.<\/strong><strong><\/strong><\/td><\/tr><tr><td>1923 &#8211; 1927<\/td><td>Percival Coates<\/td><td>R.C. Montevideo<\/td><td>&nbsp;<\/td><td>&nbsp;<\/td><td>Q.E.P.D.<\/td><\/tr><tr><td>1927 &#8211; 1928<\/td><td>Eduardo Moore Bravo<\/td><td>R.C. Santiago<\/td><td>&nbsp;<\/td><td>&nbsp;<\/td><td>Q.E.P.D.<\/td><\/tr><tr><td>1928 &#8211; 1929<\/td><td>Joaqu\u00edn Lepeley Contreras<\/td><td>R.C. Valpara\u00edso<\/td><td>&nbsp;<\/td><td>&nbsp;<\/td><td>Q.E.P.D.<\/td><\/tr><tr><td>1929 &#8211; 1930<\/td><td>Francisco Mardones Otayza<\/td><td>R.C. Santiago<\/td><td>&nbsp;<\/td><td>&nbsp;<\/td><td>Q.E.P.D.<\/td><\/tr><tr><td>1930 &#8211; 1931<\/td><td>V\u00edctor Ide Schulz<\/td><td>R.C. Osorno<\/td><td>&nbsp;<\/td><td>&nbsp;<\/td><td>Q.E.P.D.<\/td><\/tr><tr><td>1931 &#8211; 1932<\/td><td>Manuel Gaete Fagalde<\/td><td>R.C. Santiago<\/td><td>&nbsp;<\/td><td>&nbsp;<\/td><td>Q.E.P.D.<\/td><\/tr><tr><td>1932 &#8211; 1933<\/td><td>Eduardo Moore Bravo<\/td><td>R.C. Santiago<\/td><td>&nbsp;<\/td><td>&nbsp;<\/td><td>Q.E.P.D.<\/td><\/tr><tr><td>1933 &#8211; 1934<\/td><td>Guillermo Munnich Thile<\/td><td>R.C. Valpara\u00edso<\/td><td>&nbsp;<\/td><td>&nbsp;<\/td><td>Q.E.P.D.<\/td><\/tr><tr><td>1934 &#8211; 1935<\/td><td>Luis Calvo Mackenna<\/td><td>R.C. Santiago<\/td><td>&nbsp;<\/td><td>&nbsp;<\/td><td>Q.E.P.D.<\/td><\/tr><tr><td>1935 &#8211; 1936<\/td><td>Luis Calvo Mackenna<\/td><td>R.C. Santiago<\/td><td>&nbsp;<\/td><td>&nbsp;<\/td><td>Q.E.P.D.<\/td><\/tr><tr><td>1936 &#8211; 1937<\/td><td>Juan Manuel Valle Ferreira<\/td><td>R.C. Valpara\u00edso<\/td><td>&nbsp;<\/td><td>&nbsp;<\/td><td>Q.E.P.D.<\/td><\/tr><tr><td>1937 &#8211; 1938<\/td><td>Julio Araos D\u00edaz<\/td><td>R.C. Iquique<\/td><td>&nbsp;<\/td><td>&nbsp;<\/td><td>Q.E.P.D.<\/td><\/tr><tr><td>1938 &#8211; 1939<\/td><td>Luis Gajardo Guerrero<\/td><td>R.C. San Felipe<\/td><td>&nbsp;<\/td><td>&nbsp;<\/td><td>Q.E.P.D.<\/td><\/tr><tr><td>1939 &#8211; 1940<\/td><td>Federico Carvallo de la Fuente<\/td><td>R.C. Valpara\u00edso<\/td><td>&nbsp;<\/td><td>&nbsp;<\/td><td>Q.E.P.D.<\/td><\/tr><tr><td>1940 &#8211; 1941<\/td><td>Hugo Enr\u00edquez Fr\u00f6den<\/td><td>R.C. Ovalle<\/td><td>&nbsp;<\/td><td>&nbsp;<\/td><td>Q.E.P.D.<\/td><\/tr><tr><td>1941 &#8211; 1942<\/td><td>Hern\u00e1n Ringeling de Rurange<\/td><td>R.C. Quilpu\u00e9<\/td><td>&nbsp;<\/td><td>&nbsp;<\/td><td>Q.E.P.D.<\/td><\/tr><tr><td>1942 &#8211; 1943<\/td><td>Alberto Barboza Baeza<\/td><td>R.C. Valpara\u00edso<\/td><td>&nbsp;<\/td><td>&nbsp;<\/td><td>Q.E.P.D.<\/td><\/tr><tr><td>1943 &#8211; 1944<\/td><td>Guillermo Ortega Ya\u00f1ez<\/td><td>R.C. Arica<\/td><td>&nbsp;<\/td><td>&nbsp;<\/td><td>Q.E.P.D.<\/td><\/tr><tr><td>1944 &#8211; 1945<\/td><td>Alejandro V\u00e1squez Armijo<\/td><td>R.C. Quillota<\/td><td>&nbsp;<\/td><td>&nbsp;<\/td><td>Q.E.P.D.<\/td><\/tr><tr><td>1945 &#8211; 1946<\/td><td>Bernardo Salas Mu\u00f1oz<\/td><td>R.C. Los Andes<\/td><td>&nbsp;<\/td><td>&nbsp;<\/td><td>Q.E.P.D.<\/td><\/tr><tr><td>1946 &#8211; 1947<\/td><td>Ricardo Montero Letelier<\/td><td>R.C. Iquique<\/td><td>&nbsp;<\/td><td>&nbsp;<\/td><td>Q.E.P.D.<\/td><\/tr><tr><td>1947 &#8211; 1948<\/td><td>Gast\u00f3n Ossa Saint Marie<\/td><td>R.C. Valpara\u00edso<\/td><td>&nbsp;<\/td><td>&nbsp;<\/td><td>Q.E.P.D.<\/td><\/tr><tr><td>1948 &#8211; 1949<\/td><td>Luis E. Arancibia Arancibia<\/td><td>R.C. Quillota<\/td><td>&nbsp;<\/td><td>&nbsp;<\/td><td>Q.E.P.D.<\/td><\/tr><tr><td>1949 &#8211; 1950<\/td><td>Alfredo Betteley Melosi<\/td><td>R.C. Valpara\u00edso<\/td><td>&nbsp;<\/td><td>&nbsp;<\/td><td>Q.E.P.D.<\/td><\/tr><tr><td>1950 &#8211; 1951<\/td><td>Juan de Dios Carmona Alcayaga<\/td><td>R.C. Antofagasta<\/td><td>&nbsp;<\/td><td>&nbsp;<\/td><td>Q.E.P.D.<\/td><\/tr><tr><td>1951 &#8211; 1952<\/td><td>Hugo Jord\u00e1n Guerra<\/td><td>R.C. Los Andes<\/td><td>&nbsp;<\/td><td>&nbsp;<\/td><td>Q.E.P.D.<\/td><\/tr><tr><td>1952 &#8211; 1953<\/td><td>Enrique Vicente Vicente<\/td><td>R.C. Vi\u00f1a del Mar<\/td><td>&nbsp;<\/td><td>&nbsp;<\/td><td>Q.E.P.D.<\/td><\/tr><tr><td>1953 &#8211; 1954<\/td><td>Adolfo Menke Utschink<\/td><td>R.C. Valpara\u00edso<\/td><td>&nbsp;<\/td><td>&nbsp;<\/td><td>Q.E.P.D.<\/td><\/tr><tr><td>1954 &#8211; 1955<\/td><td>Tom\u00e1s Ivanovic Ivanovic<\/td><td>R.C. Tocopilla<\/td><td>&nbsp;<\/td><td>&nbsp;<\/td><td>Q.E.P.D.<\/td><\/tr><tr><td>1955 &#8211; 1956<\/td><td>Santiago Pe\u00f1a Sangonia<\/td><td>R.C. La Serena<\/td><td>&nbsp;<\/td><td>&nbsp;<\/td><td>Q.E.P.D.<\/td><\/tr><tr><td>1956 &#8211; 1957<\/td><td>Ram\u00f3n L\u00f3pez Vargas<\/td><td>R.C. Quillota<\/td><td>&nbsp;<\/td><td>&nbsp;<\/td><td>Q.E.P.D.<\/td><\/tr><tr><td>1957 &#8211; 1958<\/td><td>Olaf Olsen Provist<\/td><td>R.C. Valpara\u00edso<\/td><td>&nbsp;<\/td><td>&nbsp;<\/td><td>Q.E.P.D.<\/td><\/tr><tr><td>1958 &#8211; 1959<\/td><td>Mario Guti\u00e9rrez Guti\u00e9rrez<\/td><td>R.C. Copiap\u00f3<\/td><td>&nbsp;<\/td><td>&nbsp;<\/td><td>Q.E.P.D.<\/td><\/tr><tr><td>1959 &#8211; 1960<\/td><td>Oscar Hucke Perin<\/td><td>R.C. Coquimbo<\/td><td>&nbsp;<\/td><td>&nbsp;<\/td><td>Q.E.P.D.<\/td><\/tr><tr><td>1960 &#8211; 1961<\/td><td>Miguel A. Concha Mu\u00f1oz<\/td><td>R.C. Quillota<\/td><td>&nbsp;<\/td><td>&nbsp;<\/td><td>Q.E.P.D.<\/td><\/tr><tr><td>1961 &#8211; 1962<\/td><td>Luis Guevara Ortuzar<\/td><td>R.C. Valpara\u00edso<\/td><td>&nbsp;<\/td><td>&nbsp;<\/td><td>Q.E.P.D.<\/td><\/tr><tr><td>1962 &#8211; 1963<\/td><td>Hern\u00e1n Vera Pati\u00f1o<\/td><td>R.C. Chuquicamata<\/td><td>&nbsp;<\/td><td>&nbsp;<\/td><td>Q.E.P.D.<\/td><\/tr><tr><td>1963 &#8211; 1964<\/td><td>Luis Vacher Rojas<\/td><td>R.C. Ovalle<\/td><td>&nbsp;<\/td><td>&nbsp;<\/td><td>Q.E.P.D.<\/td><\/tr><tr><td>1964 &#8211; 1965<\/td><td>Gonzalo Garcia Valenzuela<\/td><td>R.C. Villa Alemana<\/td><td>&nbsp;+ 56 9 98958411<\/td><td><a href=\"mailto:ggarciav@vtr.net\">ggarciav@vtr.net<\/a><\/td><td>&nbsp;<\/td><\/tr><tr><td>1965 &#8211; 1966<\/td><td>Rolando Onetto Sobino<\/td><td>R.C. Valpara\u00edso<\/td><td>&nbsp;<\/td><td>&nbsp;<\/td><td>Q.E.P.D.<\/td><\/tr><tr><td>1966 &#8211; 1967<\/td><td>Edmudo Ziede Abud<\/td><td>R.C. Antofagasta<\/td><td>&nbsp;<\/td><td>&nbsp;<\/td><td>Q.E.P.D.<\/td><\/tr><tr><td>1967 &#8211; 1968<\/td><td>Ra\u00fal Bitr\u00e1n Nachary<\/td><td>R.C. La Serena<\/td><td>&nbsp;<\/td><td>&nbsp;<\/td><td>Q.E.P.D.<\/td><\/tr><tr><td>1968 &#8211; 1969<\/td><td>Julio Haydn C\u00f3rdova<\/td><td>R.C. Playa Ancha<\/td><td>&nbsp;<\/td><td>&nbsp;<\/td><td>Q.E.P.D.<\/td><\/tr><tr><td>1969 &#8211; 1970<\/td><td>Kenneth Faille Arthe<\/td><td>R.C. Valpara\u00edso<\/td><td>&nbsp;<\/td><td>&nbsp;<\/td><td>Q.E.P.D.<\/td><\/tr><tr><td>1970 &#8211; 1971<\/td><td>Eduardo Hoyos R\u00edios<\/td><td>R.C. Arica<\/td><td>&nbsp;<\/td><td>&nbsp;<\/td><td>SH &#8211; Concordia<\/td><\/tr><tr><td>1971 &#8211; 1972<\/td><td>Heriberto Lansberger Prado<\/td><td>R.C. La Serena<\/td><td>&nbsp;<\/td><td>&nbsp;<\/td><td>Q.E.P.D.<\/td><\/tr><tr><td>1972 &#8211; 1973<\/td><td>El\u00edas Sep\u00falveda Veloso<\/td><td>R.C. La Calera<\/td><td>&nbsp;<\/td><td>&nbsp;<\/td><td>Q.E.P.D.<\/td><\/tr><tr><td>1973 &#8211; 1974<\/td><td>H\u00e9ctor Radrig\u00e1n Roco<\/td><td>R.C. Valpara\u00edso<\/td><td>&nbsp;<\/td><td>&nbsp;<\/td><td>Q.E.P.D.<\/td><\/tr><tr><td>1974 &#8211; 1975<\/td><td>Francisco D\u00edaz Mu\u00f1oz<\/td><td>R.C. Arica<\/td><td>&nbsp;<\/td><td>&nbsp;<\/td><td>S.H. Arica<\/td><\/tr><tr><td>1975 &#8211; 1976<\/td><td>Oscar Alvarez Davies<\/td><td>R.C. Vallenar<\/td><td>&nbsp;<\/td><td>&nbsp;<\/td><td>Q.E.P.D.<\/td><\/tr><tr><td>1976 &#8211; 1977<\/td><td>H\u00e9ctor Quezada Pereda<\/td><td>R.C. Los Andes<\/td><td>&nbsp;<\/td><td>&nbsp;<\/td><td>Q.E.P.D.<\/td><\/tr><tr><td>1977 &#8211; 1978<\/td><td>Pedro Bruce La Rivera<\/td><td>R.C. Villa Alemana<\/td><td>&nbsp;<\/td><td>&nbsp;<\/td><td>Q.E.P.D.<\/td><\/tr><tr><td>1978 &#8211; 1979<\/td><td>Radoslav Razmilic Vlahovic<\/td><td>R.C. Antofagasta<\/td><td>&nbsp;<\/td><td>&nbsp;<\/td><td>Q.E.P.D.<\/td><\/tr><tr><td>1979 &#8211; 1980<\/td><td>Juan Jos\u00e9 Oyarz\u00fan<\/td><td>R.C. La Ligua<\/td><td>&nbsp;<\/td><td>&nbsp;<\/td><td>Q.E.P.D.<\/td><\/tr><tr><td>1980 &#8211; 1981<\/td><td>Sergio Jaramillo Rosselot<\/td><td>R.C. Vi\u00f1a del Mar<\/td><td>&nbsp;<\/td><td>&nbsp;<\/td><td>Q.E.P.D.<\/td><\/tr><tr><td>1981 &#8211; 1982<\/td><td>Mario Contreras Rojas<\/td><td>R.C. Quillota<\/td><td>&nbsp;<\/td><td>&nbsp;<\/td><td>Q.E.P.D.<\/td><\/tr><tr><td>1982 &#8211; 1983<\/td><td>Pierre Chapar Haran<\/td><td>R.C. Arica<\/td><td>&nbsp;<\/td><td>&nbsp;<\/td><td>Q.E.P.D.<\/td><\/tr><tr><td>1982 &#8211; 1983<\/td><td>Francisco D\u00edaz Cormatches<\/td><td>R.C. Arica<\/td><td>&nbsp;<\/td><td>&nbsp;<\/td><td>Retirado<\/td><\/tr><tr><td>1983 &#8211; 1984<\/td><td>Carlos Fuentes Cadena<\/td><td>R.C. Quillota<\/td><td>&nbsp;<\/td><td>&nbsp;<\/td><td>Q.E.P.D.<\/td><\/tr><tr><td>1984 &#8211; 1985<\/td><td>Fern\u00e1ndo Gonz\u00e1lez L\u00f3pez<\/td><td>R.C. Valpara\u00edso<\/td><td>&nbsp;<\/td><td>&nbsp;<\/td><td>Q.E.P.D.<\/td><\/tr><tr><td>1985 &#8211; 1986<\/td><td>Domingo Solar Cartagena<\/td><td>R.C. Antofagasta<\/td><td>&nbsp;<\/td><td>&nbsp;<\/td><td>Q.E.P.D.<\/td><\/tr><tr><td>1986 &#8211; 1987<\/td><td>Victor Muena Rodr\u00edguez<\/td><td>R.C. Villa Alemana<\/td><td>&nbsp;+ 56 9 92359417<\/td><td><a href=\"mailto:vmuena@vtr.net\">vmuena@vtr.net<\/a><\/td><td>&nbsp;<\/td><\/tr><tr><td>1987 &#8211; 1988<\/td><td>Sergio Garay Reuss<\/td><td>R.C. Valpara\u00edso<\/td><td>&nbsp;+ 56 32 2338565<\/td><td><a href=\"mailto:sergiogarayreuss@gmail.com\">sergiogarayreuss@gmail.com<\/a><\/td><td>&nbsp;<\/td><\/tr><tr><td>1988 &#8211; 1989<\/td><td>Alfonso Leppes Navarrete<\/td><td>R.C. Antofagasta<\/td><td><a href=\"mailto:sergiogarayreuss@gmail.com\">&nbsp;+ 56 992892992<\/a><\/td><td><a href=\"mailto:estudio.leppes@vtr.net\">estudio.leppes@vtr.net<\/a><\/td><td><a href=\"mailto:sergiogarayreuss@gmail.com\">&nbsp;<\/a><\/td><\/tr><tr><td>1989 &#8211; 1990<\/td><td>Pedro Cueto Toro<\/td><td>R.C. Quillota<\/td><td>&nbsp;+ 56 9 42456041<\/td><td><a href=\"mailto:lavaquimltda@gmail.com\">lavaquimltda@gmail.com<\/a><\/td><td>&nbsp;<\/td><\/tr><tr><td>1990 &#8211; 1991<\/td><td>Manuel Jord\u00e1n L\u00f3pez<\/td><td>R.C. Valpara\u00edso<\/td><td>&nbsp;<\/td><td>&nbsp;<\/td><td>SH. Valpara\u00edso<\/td><\/tr><tr><td>1991 &#8211; 1992<\/td><td>Hern\u00e1n Reyes Liard<\/td><td>R.C. Los Andes<\/td><td>&nbsp;<\/td><td>&nbsp;<\/td><td>Q.E.P.D.<\/td><\/tr><tr><td>1992 &#8211; 1993<\/td><td>Alberto \u00c1lvarez Osb\u00e9n<\/td><td>R.C. Vi\u00f1a del Mar<\/td><td>&nbsp;<\/td><td>&nbsp;<\/td><td>Q.E.P.D.<\/td><\/tr><tr><td>1992 &#8211; 1993<\/td><td>Sergio Garay Reuss<\/td><td>R.C. Valpara\u00edso<\/td><td>&nbsp;+ 56 32 2338565<\/td><td><a href=\"mailto:sergiogarayreuss@gmail.com\">sergiogarayreuss@gmail.com<\/a><\/td><td>&nbsp;<\/td><\/tr><tr><td>1993 &#8211; 1994<\/td><td>Sergio Aguad Castillo<\/td><td>R.C. Salamanca<\/td><td>&nbsp;+ 56 53 2551035<\/td><td><a href=\"mailto:sergioaguadcastill@gmail.com\">sergioaguadcastill@gmail.com<\/a><\/td><td>&nbsp;<\/td><\/tr><tr><td>1994 &#8211; 1995<\/td><td>Francisco Cabrejos Wenger<\/td><td>R.C. Valpara\u00edso<\/td><td>&nbsp;<\/td><td>&nbsp;<\/td><td>Q.E.P.D.<\/td><\/tr><tr><td>1995 &#8211; 1996<\/td><td>Luis Lamperein Alarc\u00f3n<\/td><td>R.C. Copiap\u00f3<\/td><td>Retirado<\/td><td>&nbsp;<\/td><td>&nbsp;<\/td><\/tr><tr><td>1996 &#8211; 1997<\/td><td>Dan Mart\u00ednez Pizarro<\/td><td>R.C. Vi\u00f1a del Mar<\/td><td>&nbsp;+ 56 9 93246356<\/td><td>&nbsp;<\/td><td>Q.E.P.D.<\/td><\/tr><tr><td>1997 &#8211; 1998<\/td><td>Mario Ramirez Cort\u00e9s<\/td><td>R.C. Antofagasta<\/td><td>&nbsp;+56 9 68495792<\/td><td><a href=\"mailto:mario.ramirezcortes@gmail.com\">mario.ramirezcortes@gmail.com<\/a><\/td><td>&nbsp;<\/td><\/tr><tr><td>1998 &#8211; 1999<\/td><td>Alfredo Rebolar Rivas<\/td><td>R.C. Quillota<\/td><td>&nbsp;+ 56 9 92368653<\/td><td><a href=\"mailto:alfredorebolar@gmail.com\">alfredorebolar@gmail.com<\/a><\/td><td>&nbsp;<\/td><\/tr><tr><td>1999 &#8211; 2000<\/td><td>Wladimir Flores Yovanovic<\/td><td>R.C. Vallenar<\/td><td>&nbsp;+ 56 9 91298509<\/td><td><a href=\"mailto:wfloresy@gmail.com\">wfloresy@gmail.com<\/a><\/td><td>&nbsp;<\/td><\/tr><tr><td>2000 &#8211; 2001<\/td><td>Blas Martino Mu\u00f1oz<\/td><td>R.C. Arica<\/td><td>&nbsp;+ 56 58 2311978<\/td><td><a href=\"mailto:bmartino@quiborax.com\">bmartino@quiborax.com<\/a><\/td><td>&nbsp;<\/td><\/tr><tr><td>2001 &#8211; 2002<\/td><td>Reynaldo Mart\u00ednez Urrutia<\/td><td>R.C. Vi\u00f1a del Mar Norte<\/td><td>&nbsp;+ 56 9 94195671<\/td><td><a href=\"mailto:ramonreymartinez@hotmail.com\">ramonreymartinez@hotmail.com<\/a><\/td><td>&nbsp;<\/td><\/tr><tr><td>2002 &#8211; 2003<\/td><td>Juan Balart Vasconcellos<\/td><td>R.C. La Portada<\/td><td>&nbsp;+ 56 9 95411332<\/td><td><a href=\"mailto:jbalart@vtr.net\">jbalart@vtr.net<\/a><\/td><td>&nbsp;<\/td><\/tr><tr><td>2003 &#8211; 2004<\/td><td>Julio Lasagna Ruz<\/td><td>R.C. Quilpu\u00e9<\/td><td>&nbsp;<\/td><td>&nbsp;<\/td><td>Q.E.P.D.<\/td><\/tr><tr><td>2004 &#8211; 2005<\/td><td>Jos\u00e9 Silva Estay<\/td><td>R.C. Quillota<\/td><td>&nbsp;+ 56 9 93255099<\/td><td><strong><a href=\"mailto:josilvae@gmail.com\">josilvae@gmail.com<\/a><\/strong><\/td><td>&nbsp;<\/td><\/tr><tr><td>2005 &#8211; 2006<\/td><td>Juan Mangili Godoy<\/td><td>R.C. Quilpu\u00e9 Oriente<\/td><td>&nbsp;+ 56 9 93256778<\/td><td><a href=\"mailto:jmangili@vtr.net\">jmangili@vtr.net<\/a><\/td><td>Retirado<\/td><\/tr><tr><td>2006 &#8211; 2007<\/td><td>Luis Nu\u00f1ez Olivares<\/td><td>R.C. La Serena<\/td><td>&nbsp;<\/td><td>&nbsp;<\/td><td>Q.E.P.D.<\/td><\/tr><tr><td>2007 &#8211; 2008<\/td><td>Alberto Chong Yez<\/td><td>R.C. Cavancha<\/td><td>&nbsp;+ 56 9 98844005<\/td><td><a href=\"mailto:albertochongy@gmail.com\">albertochongy@gmail.com&nbsp;&nbsp;&nbsp;<\/a><\/td><td>&nbsp;<\/td><\/tr><tr><td>2008 &#8211; 2009<\/td><td>Evaristo Carrizo Estay<\/td><td>R.C. Valpara\u00edso<\/td><td>&nbsp;+ 56 9 78885400<\/td><td><a href=\"mailto:ecarrizo@vtr.net\">ecarrizo@vtr.net<\/a><\/td><td>&nbsp;<\/td><\/tr><tr><td>2009 &#8211; 2010<\/td><td>Luis Veliz Severino<\/td><td>R.C. Copiap\u00f3<\/td><td>&nbsp;+ 56 9 85867398<\/td><td><a href=\"mailto:luvese2004@hotmail.com\">luvese2004@hotmail.com<\/a><\/td><td>&nbsp;<\/td><\/tr><tr><td>2010 &#8211; 2011<\/td><td>Julio Sep\u00falveda Vald\u00e9s<\/td><td>R.C. Quillota<\/td><td>&nbsp;+ 56 9 92494871<\/td><td><a href=\"mailto:julsepul61@gmail.com\">julsepul61@gmail.com<\/a><\/td><td>&nbsp;<\/td><\/tr><tr><td>2011 &#8211; 2012<\/td><td>Jos\u00e9 Valencia Osorio<\/td><td>R.C. Valpara\u00edso<\/td><td>&nbsp;+ 56 9 62277624<\/td><td><a href=\"mailto:jvalencia@valepac.cl\">jvalencia@valepac.cl<\/a><\/td><td>&nbsp;<\/td><\/tr><tr><td>2012 &#8211; 2013<\/td><td>Miguel Tapia Huerta<\/td><td>R.C. El Salvador<\/td><td>&nbsp;+ 56 9 98486670<\/td><td><a href=\"mailto:mtapia69@gmail.com\">mtapia69@gmail.com<\/a><\/td><td>&nbsp;<\/td><\/tr><tr><td>2013 &#8211; 2014<\/td><td>Jorge Vega D\u00edaz<\/td><td>R.C. Valpara\u00edso<\/td><td>&nbsp;+ 56 9 94340072<\/td><td><a href=\"mailto:jvegad@jvd.cl\">jvegad@jvd.cl<\/a><\/td><td>&nbsp;<\/td><\/tr><tr><td>2014 &#8211; 2015<\/td><td>Felipe Platero Mosc\u00f3pulos<\/td><td>R.C. Iquique<\/td><td>&nbsp;+ 56 9 98834683<\/td><td><a href=\"mailto:fplaterom@gmail.com\">fplaterom@gmail.com<\/a><\/td><td>&nbsp;<\/td><\/tr><tr><td>2015 &#8211; 2016<\/td><td>Humberto Beckers Argomedo<\/td><td>R.C. La Portada<\/td><td>&nbsp;+ 56 9 95417768<\/td><td><a href=\"mailto:hbeckers@pronor.cl\">hbeckers@pronor.cl<\/a><\/td><td>&nbsp;<\/td><\/tr><tr><td>2016 &#8211; 2017<\/td><td>Sonia Garay Garay<\/td><td>R.C. Playa Ancha<\/td><td>&nbsp;+ 56 9 9441 3187<\/td><td>soniagaray@gmail.com<\/td><td>&nbsp;<\/td><\/tr><tr><td>2017 &#8211; 2018<\/td><td>Edgar Ibarra Gonzalez<\/td><td>R.C. Calama<\/td><td>&nbsp;+ 56 9 98843181<\/td><td><a href=\"mailto:eig.ibarra@gmail.com\">eig.ibarra@gmail.com<\/a><\/td><td>&nbsp;<\/td><\/tr><tr><td>2018 &#8211; 2019<\/td><td>Luz Bernal Gonz\u00e1lez<\/td><td>R.C. La Calera<\/td><td>&nbsp;+ 56 9 98865086<\/td><td>luzbeatrizbernalgonzalez@gmail.com<\/td><td>&nbsp;<\/td><\/tr><tr><td>2019 &#8211; 2020<\/td><td>Carlos Tapia<\/td><td>R.C. La Serena<\/td><td>&nbsp;+ 56 9 66374305<\/td><td>c.lino950@gmail.com<\/td><td>&nbsp;<\/td><\/tr><tr><td>2020 &#8211; 2021<\/td><td>Emilio Sep\u00falveda Aguilar<\/td><td>R.C. Chuquicamata<\/td><td>&nbsp;+ 56 9 95412250<\/td><td><a href=\"mailto:sepulveda.emilio@gmail.com\">sepulveda.emilio@gmail.com<\/a><\/td><td>&nbsp;<\/td><\/tr><tr><td>2021 &#8211; 2022<\/td><td>Ricardo Vera Mart\u00ednez<\/td><td>R.C. Copiap\u00f3<\/td><td>&nbsp;+ 56 9 77750179<\/td><td>veramartinez.ricardo@gmail.com<\/td><td>&nbsp;<\/td><\/tr><tr><td>2022 &#8211; 2023<\/td><td>Patricia Lorca Rojas<\/td><td>R.C. Caliche<\/td><td>&nbsp;+ 56 9 91318715<\/td><td>patricia.lorca99@gmail.com<\/td><td>&nbsp;<\/td><\/tr><tr><td>2023 &#8211; 2024<\/td><td>Rodrigo Jarufe<\/td><td>R.C. Quillota<\/td><td>&nbsp;+ 56 9 85299278<\/td><td>rjarufe@gmail.com<\/td><td>&nbsp;<\/td><\/tr><tr><td>2024 &#8211; 2025<\/td><td>Carlos Flores<\/td><td>R.C. La Herradura<\/td><td>&nbsp;+ 56 9 53338218<\/td><td>cfloresg2004@yahoo.es<\/td><td>&nbsp;<\/td><\/tr><\/tbody><\/table><\/figure>\n\n\n\n<p><\/p>\n","protected":false},"excerpt":{"rendered":"<p>A\u00d1O GOBERNACION NOMBRE CLUB TELEFONO CORREO ELECTRONICO OBSERV. 1923 &#8211; 1927 Percival Coates R.C. Montevideo &nbsp; &nbsp; Q.E.P.D. 1927 &#8211; [&hellip;]<\/p>\n","protected":false},"author":1,"featured_media":0,"parent":0,"menu_order":0,"comment_status":"closed","ping_status":"closed","template":"","meta":{"site-sidebar-layout":"default","site-content-layout":"","ast-site-content-layout":"default","site-content-style":"default","site-sidebar-style":"default","ast-global-header-display":"","ast-banner-title-visibility":"","ast-main-header-display":"","ast-hfb-above-header-display":"","ast-hfb-below-header-display":"","ast-hfb-mobile-header-display":"","site-post-title":"","ast-breadcrumbs-content":"","ast-featured-img":"","footer-sml-layout":"","theme-transparent-header-meta":"","adv-header-id-meta":"","stick-header-meta":"","header-above-stick-meta":"","header-main-stick-meta":"","header-below-stick-meta":"","astra-migrate-meta-layouts":"default","ast-page-background-enabled":"default","ast-page-background-meta":{"desktop":{"background-color":"var(--ast-global-color-5)","background-image":"","background-repeat":"repeat","background-position":"center center","background-size":"auto","background-attachment":"scroll","background-type":"","background-media":"","overlay-type":"","overlay-color":"","overlay-opacity":"","overlay-gradient":""},"tablet":{"background-color":"","background-image":"","background-repeat":"repeat","background-position":"center center","background-size":"auto","background-attachment":"scroll","background-type":"","background-media":"","overlay-type":"","overlay-color":"","overlay-opacity":"","overlay-gradient":""},"mobile":{"background-color":"","background-image":"","background-repeat":"repeat","background-position":"center center","background-size":"auto","background-attachment":"scroll","background-type":"","background-media":"","overlay-type":"","overlay-color":"","overlay-opacity":"","overlay-gradient":""}},"ast-content-background-meta":{"desktop":{"background-color":"var(--ast-global-color-4)","background-image":"","background-repeat":"repeat","background-position":"center center","background-size":"auto","background-attachment":"scroll","background-type":"","background-media":"","overlay-type":"","overlay-color":"","overlay-opacity":"","overlay-gradient":""},"tablet":{"background-color":"var(--ast-global-color-4)","background-image":"","background-repeat":"repeat","background-position":"center center","background-size":"auto","background-attachment":"scroll","background-type":"","background-media":"","overlay-type":"","overlay-color":"","overlay-opacity":"","overlay-gradient":""},"mobile":{"background-color":"var(--ast-global-color-4)","background-image":"","background-repeat":"repeat","background-position":"center center","background-size":"auto","background-attachment":"scroll","background-type":"","background-media":"","overlay-type":"","overlay-color":"","overlay-opacity":"","overlay-gradient":""}},"footnotes":""},"class_list":["post-38280","page","type-page","status-publish","hentry"],"_links":{"self":[{"href":"https:\/\/rotary4320.cl\/index.php\/wp-json\/wp\/v2\/pages\/38280","targetHints":{"allow":["GET"]}}],"collection":[{"href":"https:\/\/rotary4320.cl\/index.php\/wp-json\/wp\/v2\/pages"}],"about":[{"href":"https:\/\/rotary4320.cl\/index.php\/wp-json\/wp\/v2\/types\/page"}],"author":[{"embeddable":true,"href":"https:\/\/rotary4320.cl\/index.php\/wp-json\/wp\/v2\/users\/1"}],"replies":[{"embeddable":true,"href":"https:\/\/rotary4320.cl\/index.php\/wp-json\/wp\/v2\/comments?post=38280"}],"version-history":[{"count":2,"href":"https:\/\/rotary4320.cl\/index.php\/wp-json\/wp\/v2\/pages\/38280\/revisions"}],"predecessor-version":[{"id":38910,"href":"https:\/\/rotary4320.cl\/index.php\/wp-json\/wp\/v2\/pages\/38280\/revisions\/38910"}],"wp:attachment":[{"href":"https:\/\/rotary4320.cl\/index.php\/wp-json\/wp\/v2\/media?parent=38280"}],"curies":[{"name":"wp","href":"https:\/\/api.w.org\/{rel}","templated":true}]}}